{"id":3585,"date":"2022-11-02T21:17:13","date_gmt":"2022-11-03T03:17:13","guid":{"rendered":"https:\/\/vitaminaselsalvador.net\/?post_type=product&#038;p=3585"},"modified":"2025-07-08T11:05:07","modified_gmt":"2025-07-08T17:05:07","slug":"orfenaflex-d-x-100-capsulas","status":"publish","type":"product","link":"https:\/\/vitaminaselsalvador.net\/index.php\/product\/orfenaflex-d-x-100-capsulas\/","title":{"rendered":"ORFENAFLEX D X 100 CAPSULAS"},"content":{"rendered":"<p><strong><span style=\"color: #000000;\">CONTRA-INDICACIONES:<\/span><\/strong><br \/>\n<span style=\"color: #000000;\">Con precauci\u00f3n en pacientes con taquicardia, descompensaci\u00f3n cardiaca, con manifestaciones de retenci\u00f3n urinaria y depresi\u00f3n. No se recomienda su uso durante el embarazo o la lactancia. Aumenta el efecto de los anticolin\u00e9rgicos y de los depresores Hipersensibilidad a diclofenaco, orfenadrina. Alteraciones graves de la coagulaci\u00f3n. Insuf. Cardiaca grave. \u00dalcera p\u00e9ptica activada. Hipertrofia prost\u00e1tica, megaes\u00f3fago, glaucoma y miastenia gravis<\/span><\/p>\n<p><strong><span style=\"color: #000000;\">INDICACIONES:<\/span><\/strong><br \/>\n<span style=\"color: #000000;\">Espasmos m\u00fasculo-esquel\u00e9ticos agudos y dolores asociados, traumatismos, reumatismo, lumbago, tort\u00edcolis, torceduras y fracturas.<\/span><\/p>\n<p><span style=\"color: #000000;\">Diclofenaco &#8212;&#8212; 50.00MG<\/span><br \/>\n<span style=\"color: #000000;\">Orfenadrina &#8212;&#8212; 35.00MG<\/span><\/p>\n","protected":false},"excerpt":{"rendered":"<p><span style=\"color: #000000;\">Orfenadrina citrato est\u00e1 indicado como complemento para el descanso, terapia f\u00edsica, y otras medidas que tengan como objetivo el alivio de las molestias asociadas a dolores musculo-esquel\u00e9ticos agudos. El mecanismo de acci\u00f3n del f\u00e1rmaco no ha sido claramente identificado, pero podr\u00eda estar relacionado con sus propiedades analg\u00e9sicas. Orfenadrina citrato no relaja directamente los m\u00fasculos esquel\u00e9ticos tensos en el ser humano.<\/span><\/p>\n","protected":false},"featured_media":3635,"comment_status":"closed","ping_status":"closed","template":"","meta":{"_kad_post_transparent":"","_kad_post_title":"","_kad_post_layout":"","_kad_post_sidebar_id":"","_kad_post_content_style":"","_kad_post_vertical_padding":"","_kad_post_feature":"","_kad_post_feature_position":"","_kad_post_header":false,"_kad_post_footer":false},"product_brand":[],"product_cat":[1281,1282,1283,1284],"product_tag":[1285,1286,1287,413,1288,301,1289,1290,414,1291],"class_list":{"0":"post-3585","1":"product","2":"type-product","3":"status-publish","4":"has-post-thumbnail","6":"product_cat-espasmos","7":"product_cat-lumbago","8":"product_cat-reumatismo","9":"product_cat-torticolis","10":"product_tag-dolores","11":"product_tag-fracturas","12":"product_tag-huesos","13":"product_tag-lumbago","14":"product_tag-musculo","15":"product_tag-reumatismo","16":"product_tag-terapia","17":"product_tag-torceduras","18":"product_tag-torticolis","19":"product_tag-traumatismos","21":"first","22":"instock","23":"shipping-taxable","24":"purchasable","25":"product-type-simple","26":"entry","27":"content-bg","28":"loop-entry"},"_links":{"self":[{"href":"https:\/\/vitaminaselsalvador.net\/index.php\/wp-json\/wp\/v2\/product\/3585","targetHints":{"allow":["GET"]}}],"collection":[{"href":"https:\/\/vitaminaselsalvador.net\/index.php\/wp-json\/wp\/v2\/product"}],"about":[{"href":"https:\/\/vitaminaselsalvador.net\/index.php\/wp-json\/wp\/v2\/types\/product"}],"replies":[{"embeddable":true,"href":"https:\/\/vitaminaselsalvador.net\/index.php\/wp-json\/wp\/v2\/comments?post=3585"}],"wp:featuredmedia":[{"embeddable":true,"href":"https:\/\/vitaminaselsalvador.net\/index.php\/wp-json\/wp\/v2\/media\/3635"}],"wp:attachment":[{"href":"https:\/\/vitaminaselsalvador.net\/index.php\/wp-json\/wp\/v2\/media?parent=3585"}],"wp:term":[{"taxonomy":"product_brand","embeddable":true,"href":"https:\/\/vitaminaselsalvador.net\/index.php\/wp-json\/wp\/v2\/product_brand?post=3585"},{"taxonomy":"product_cat","embeddable":true,"href":"https:\/\/vitaminaselsalvador.net\/index.php\/wp-json\/wp\/v2\/product_cat?post=3585"},{"taxonomy":"product_tag","embeddable":true,"href":"https:\/\/vitaminaselsalvador.net\/index.php\/wp-json\/wp\/v2\/product_tag?post=3585"}],"curies":[{"name":"wp","href":"https:\/\/api.w.org\/{rel}","templated":true}]}}