{"id":3453,"date":"2022-11-02T21:15:51","date_gmt":"2022-11-03T03:15:51","guid":{"rendered":"https:\/\/vitaminaselsalvador.net\/?post_type=product&#038;p=3453"},"modified":"2025-07-08T11:04:57","modified_gmt":"2025-07-08T17:04:57","slug":"indometacina-de-saimed-100-capsulas","status":"publish","type":"product","link":"https:\/\/vitaminaselsalvador.net\/index.php\/product\/indometacina-de-saimed-100-capsulas\/","title":{"rendered":"Indometacina de Saimed 100 C\u00e1psulas"},"content":{"rendered":"<p><img loading=\"lazy\" decoding=\"async\" class=\"aligncenter size-medium wp-image-9186\" src=\"http:\/\/vitaminas.comprarenelsalvador.com\/wp-content\/uploads\/2019\/03\/Indometacina-SM-300x296.jpg\" alt=\"\" width=\"300\" height=\"296\" \/><\/p>\n<p style=\"text-align: center;\"><span style=\"color: #000000;\"><strong>Dosis: (Cada C\u00e1psula contiene 25 mg)<br \/>\n<\/strong><\/span><\/p>\n<p style=\"text-align: center;\"><span style=\"color: #000000;\"><em><strong><span style=\"color: #ff0000;\">Enfermedad reumatoidea:<\/span> <\/strong><\/em><\/span><span style=\"color: #000000;\"><em><strong>25 mg o sea 1 C\u00e1psula 2 a 3 <\/strong><\/em><\/span><span style=\"color: #000000;\"><em><strong>veces al d\u00eda, si esta dosis es bien tolerada, la<\/strong><\/em><\/span><\/p>\n<p style=\"text-align: center;\"><span style=\"color: #000000;\"><em><strong>dosis debe incrementarse 25 mg semanalmente hasta <\/strong><\/em><\/span><span style=\"color: #000000;\"><em><strong>obtener una respuesta satisfactoria o hasta una<\/strong><\/em><\/span><\/p>\n<p style=\"text-align: center;\"><span style=\"color: #000000;\"><em><strong>dosis diaria total de 150 a 200 mg. <\/strong><\/em><\/span><\/p>\n<p style=\"text-align: center;\"><span style=\"color: #000000;\"><em><strong>El medicamento debe <\/strong><\/em><\/span><span style=\"color: #000000;\"><em><strong>darse por 4 semanas seguidas bajo la misma dosis o <\/strong><\/em><\/span><span style=\"color: #000000;\"><em><strong>una menor dosis. <\/strong><\/em><\/span><\/p>\n<p style=\"text-align: center;\"><span style=\"color: #ff0000;\"><em><strong>En tratamientos a largo plazo de la <\/strong><\/em><em><strong>artritis reumatoidea no est\u00e1n recomendadas dosis <\/strong><\/em><\/span><span style=\"color: #000000;\"><em><strong><span style=\"color: #ff0000;\">diarias superiores a 75 mg.<\/span> <span style=\"color: #0000ff;\">Artritis gotosa aguda: <\/span><\/strong><\/em><\/span><span style=\"color: #000000;\"><em><strong>50 mg 3 veces al d\u00eda hasta la desaparici\u00f3n de los <\/strong><\/em><\/span><span style=\"color: #000000;\"><em><strong>signos cl\u00ednicos. <\/strong><\/em><\/span><\/p>\n<p style=\"text-align: center;\"><span style=\"color: #000000;\"><em><strong>La dosificaci\u00f3n debe ser reducida a <\/strong><\/em><\/span><span style=\"color: #000000;\"><em><strong>25 mg 3 veces al d\u00eda.<\/strong><\/em><\/span><\/p>\n<p>&nbsp;<\/p>\n<p style=\"text-align: center;\"><span style=\"color: #000000;\"><strong>Via de Administraci\u00f3n: ORAL<\/strong><\/span><\/p>\n<p style=\"text-align: center;\"><span style=\"color: #0000ff;\">10 Blisters de 10 C\u00e1psulas<\/span><\/p>\n<p style=\"text-align: center;\"><strong style=\"color: #3366ff;\">CONTRAINDICACIONES Y ADVERTENCIAS:<\/strong><\/p>\n<p style=\"text-align: center;\"><span style=\"color: #000000;\"><em><strong>Hipersensibilidad al principio <\/strong><\/em><\/span><span style=\"color: #000000;\"><em><strong>activo. <\/strong><\/em><\/span><\/p>\n<p style=\"text-align: center;\"><span style=\"color: #000000;\"><em><strong>Ulcera p\u00e9ptica, gastritis, enteritis, <\/strong><\/em><\/span><span style=\"color: #000000;\"><em><strong>colitis ulcerativa. <\/strong><\/em><\/span><\/p>\n<p style=\"text-align: center;\"><span style=\"color: #000000;\"><em><strong>Asma bronquial en pacientes con <\/strong><\/em><\/span><span style=\"color: #000000;\"><em><strong>hipersensibilidad a los salicilatos. <\/strong><\/em><\/span><\/p>\n<p style=\"text-align: center;\"><span style=\"color: #000000;\"><em><strong>Embarazo y <\/strong><\/em><\/span><span style=\"color: #000000;\"><em><strong>lactancia. <\/strong><\/em><\/span><\/p>\n<p style=\"text-align: center;\"><span style=\"color: #000000;\"><em><strong>Ni\u00f1os menores de 14 a\u00f1os. <\/strong><\/em><\/span><\/p>\n<p style=\"text-align: center;\"><span style=\"color: #000000;\"><em><strong><span style=\"color: #ff0000;\">Precauciones y advertencias :<\/span> <\/strong><\/em><\/span><\/p>\n<p style=\"text-align: center;\"><span style=\"color: #000000;\"><em><strong>Deber\u00e1 emplearse con <\/strong><\/em><\/span><span style=\"color: #000000;\"><em><strong>precauci\u00f3n en los ancianos, la incidencia de <\/strong><\/em><\/span><span style=\"color: #000000;\"><em><strong>reacciones adversas parece aumentar con la edad. Al <\/strong><\/em><\/span><span style=\"color: #000000;\"><em><strong>inicio del tratamiento pueden aparecer cefaleas que <\/strong><\/em><\/span><span style=\"color: #000000;\"><em><strong>desaparecen en su transcurso; de persistir deber\u00e1 <\/strong><\/em><\/span><span style=\"color: #000000;\"><em><strong>suspenderse la medicaci\u00f3n. <\/strong><\/em><\/span><\/p>\n<p style=\"text-align: center;\"><span style=\"color: #000000;\"><em><strong>Por el riesgo de mareos, <\/strong><\/em><\/span><span style=\"color: #000000;\"><em><strong>se advertir\u00e1 al paciente para que tenga precauci\u00f3n <\/strong><\/em><\/span><span style=\"color: #000000;\"><em><strong>en el manejo de veh\u00edculos o maquinarias. Se deber\u00e1 <\/strong><\/em><\/span><span style=\"color: #000000;\"><em><strong>controlar al paciente con alteraciones <\/strong><\/em><\/span><span style=\"color: #000000;\"><em><strong>psiqui\u00e1tricas, enfermedad de Parkinson o epilepsia, <\/strong><\/em><\/span><span style=\"color: #000000;\"><em><strong>ya que puede agravar estos estados. <\/strong><\/em><\/span><\/p>\n<p style=\"text-align: center;\"><span style=\"color: #000000;\"><em><strong>Las alteraciones <\/strong><\/em><\/span><span style=\"color: #000000;\"><em><strong>gastrointestinales se minimizan al ingerir el medicamento <\/strong><\/em><\/span><span style=\"color: #000000;\"><em><strong>con las comidas o con anti\u00e1cidos. <\/strong><\/em><\/span><\/p>\n<p style=\"text-align: center;\"><span style=\"color: #000000;\"><em><strong>Ante la aparici\u00f3n <\/strong><\/em><\/span><span style=\"color: #000000;\"><em><strong>de sangrado intestinal se suspender\u00e1 el tratamiento.<\/strong><\/em><\/span><\/p>\n<p style=\"text-align: center;\"><span style=\"color: #000000;\"><em><strong>La indometacina inhibe la agregaci\u00f3n plaquetaria, <\/strong><\/em><\/span><span style=\"color: #000000;\"><em><strong>por lo que este efecto deber\u00e1 tenerse en cuenta en<\/strong><\/em><\/span><span style=\"color: #000000;\"><em><strong>pacientes con alteraci\u00f3n de la coagulaci\u00f3n o bajo <\/strong><\/em><\/span><span style=\"color: #000000;\"><em><strong>terap\u00e9uticas anticoagulantes. <\/strong><\/em><\/span><\/p>\n<p style=\"text-align: center;\"><span style=\"color: #000000;\"><em><strong>Debe ser usada con <\/strong><\/em><\/span><span style=\"color: #000000;\"><em><strong>prudencia en pacientes con insuficiencia renal o con <\/strong><\/em><\/span><span style=\"color: #000000;\"><em><strong>retenci\u00f3n s\u00f3dica asociada con enfermedad hep\u00e1tica o <\/strong><\/em><\/span><span style=\"color: #000000;\"><em><strong>insuficiencia card\u00edaca. <\/strong><\/em><\/span><\/p>\n<p style=\"text-align: center;\"><span style=\"color: #000000;\"><em><strong>Como con otros <\/strong><\/em><\/span><span style=\"color: #000000;\"><em><strong>antiinflamatorios no hormonales debe esperarse una <\/strong><\/em><\/span><span style=\"color: #000000;\"><em><strong>elevaci\u00f3n de GOT y GPT, fosfatasa alcalina y otros <\/strong><\/em><\/span><span style=\"color: #000000;\"><em><strong>par\u00e1metros de la funci\u00f3n hep\u00e1tica. <\/strong><\/em><\/span><\/p>\n<p style=\"text-align: center;\"><span style=\"color: #000000;\"><em><strong>En tratamientos <\/strong><\/em><\/span><span style=\"color: #000000;\"><em><strong>cr\u00f3nicos se deber\u00e1 controlar en forma peri\u00f3dica el <\/strong><\/em><\/span><span style=\"color: #000000;\"><em><strong>cuadro hem\u00e1tico y la funci\u00f3n hep\u00e1tica.<\/strong><\/em><\/span><\/p>\n<p style=\"text-align: center;\"><span style=\"color: #000000;\"><strong>\u00a0<\/strong><\/span><\/p>\n<p>&nbsp;<\/p>\n","protected":false},"excerpt":{"rendered":"<h3><em><span style=\"color: #0000ff;\"><strong><span style=\"color: #ff0000;\">Dolo-Track<\/span> ha sido descontinuado, porque el laboratorio que lo produce, cerr\u00f3 las puertas de su empresa. El componente activo de <span style=\"color: #ff0000;\">Dolo-Track<\/span> es <span style=\"color: #000000;\">Indometacina<\/span>, por lo que ponemos a su disposicion esta alternativa.<\/strong><\/span><\/em><\/h3>\n<p>&nbsp;<\/p>\n<p>&nbsp;<\/p>\n<p>&nbsp;<\/p>\n<p style=\"text-align: center;\"><span style=\"color: #ff0000;\"><strong><em>Fase activa de la artritis <\/em><\/strong><strong><em>reumatoidea, osteoartritis, espondilitis <\/em><\/strong><\/span><span style=\"color: #000000;\"><strong><em><span style=\"color: #ff0000;\">anquilosante.<\/span> <\/em><\/strong><\/span><\/p>\n<p style=\"text-align: center;\"><span style=\"color: #0000ff;\"><strong><em>Alteraciones musculoesquel\u00e9ticas <\/em><\/strong><\/span><span style=\"color: #000000;\"><strong><em><span style=\"color: #0000ff;\">(bursitis, tendinitis, sinovitis).<\/span> <\/em><\/strong><\/span><\/p>\n<p style=\"text-align: center;\"><span style=\"color: #ff0000;\"><strong><em>Procesos <\/em><\/strong><strong><em>inflamatorios posteriores a intervenciones <\/em><\/strong><\/span><span style=\"color: #000000;\"><strong><em><span style=\"color: #ff0000;\">ortop\u00e9dicas.<\/span> <\/em><\/strong><\/span><\/p>\n<p style=\"text-align: center;\"><span style=\"color: #000000;\"><strong><em><span style=\"color: #0000ff;\">S\u00edndrome dismenorreico.<\/span> <\/em><\/strong><\/span><\/p>\n<p style=\"text-align: center;\"><span style=\"color: #ff0000;\"><strong><em>Amenaza de <\/em><\/strong><strong><em>parto prematuro.<\/em><\/strong><\/span><\/p>\n<p>&nbsp;<\/p>\n","protected":false},"featured_media":3481,"comment_status":"closed","ping_status":"closed","template":"","meta":{"_kad_post_transparent":"","_kad_post_title":"","_kad_post_layout":"","_kad_post_sidebar_id":"","_kad_post_content_style":"","_kad_post_vertical_padding":"","_kad_post_feature":"","_kad_post_feature_position":"","_kad_post_header":false,"_kad_post_footer":false},"product_brand":[],"product_cat":[104,235,250,295,107],"product_tag":[243,1051,1052,1053,1054,1055,1056,1057],"class_list":{"0":"post-3453","1":"product","2":"type-product","3":"status-publish","4":"has-post-thumbnail","6":"product_cat-artritis","7":"product_cat-artritis-artrosis-reuma","8":"product_cat-capsulas","9":"product_cat-laboratorios-saimed","10":"product_cat-medicamento-para-el-dolor","11":"product_tag-artritis-reumatoidea","12":"product_tag-bursitis","13":"product_tag-enfermedad-reumatoidea","14":"product_tag-espondilitis-anquilosante","15":"product_tag-indometacina-25mg","16":"product_tag-osteoartritis","17":"product_tag-sinovitis","18":"product_tag-tendinitis","20":"first","21":"instock","22":"shipping-taxable","23":"purchasable","24":"product-type-simple","25":"entry","26":"content-bg","27":"loop-entry"},"_links":{"self":[{"href":"https:\/\/vitaminaselsalvador.net\/index.php\/wp-json\/wp\/v2\/product\/3453","targetHints":{"allow":["GET"]}}],"collection":[{"href":"https:\/\/vitaminaselsalvador.net\/index.php\/wp-json\/wp\/v2\/product"}],"about":[{"href":"https:\/\/vitaminaselsalvador.net\/index.php\/wp-json\/wp\/v2\/types\/product"}],"replies":[{"embeddable":true,"href":"https:\/\/vitaminaselsalvador.net\/index.php\/wp-json\/wp\/v2\/comments?post=3453"}],"wp:featuredmedia":[{"embeddable":true,"href":"https:\/\/vitaminaselsalvador.net\/index.php\/wp-json\/wp\/v2\/media\/3481"}],"wp:attachment":[{"href":"https:\/\/vitaminaselsalvador.net\/index.php\/wp-json\/wp\/v2\/media?parent=3453"}],"wp:term":[{"taxonomy":"product_brand","embeddable":true,"href":"https:\/\/vitaminaselsalvador.net\/index.php\/wp-json\/wp\/v2\/product_brand?post=3453"},{"taxonomy":"product_cat","embeddable":true,"href":"https:\/\/vitaminaselsalvador.net\/index.php\/wp-json\/wp\/v2\/product_cat?post=3453"},{"taxonomy":"product_tag","embeddable":true,"href":"https:\/\/vitaminaselsalvador.net\/index.php\/wp-json\/wp\/v2\/product_tag?post=3453"}],"curies":[{"name":"wp","href":"https:\/\/api.w.org\/{rel}","templated":true}]}}